{"id":162,"date":"2023-07-16T11:53:00","date_gmt":"2023-07-16T09:53:00","guid":{"rendered":"https:\/\/parafiabierzwnik.pl\/?page_id=162"},"modified":"2026-08-22T19:17:05","modified_gmt":"2026-08-22T17:17:05","slug":"szkaplerz-historia","status":"publish","type":"page","link":"https:\/\/parafiabierzwnik.pl\/?page_id=162","title":{"rendered":"Szkaplerz: Historia"},"content":{"rendered":"<div class=\"wp-block-image\">\n<figure class=\"aligncenter size-full\"><img loading=\"lazy\" decoding=\"async\" width=\"290\" height=\"200\" src=\"https:\/\/parafiabierzwnik.pl\/wp-content\/uploads\/2026\/06\/szymon-stock.jpg\" alt=\"\" class=\"wp-image-1953\"\/><\/figure>\n<\/div>\n\n\n<h2 class=\"wp-block-heading\">Kr\u00f3tka historia Szkaplerza \u015bwi\u0119tego<\/h2>\n\n\n\n<p class=\"wp-block-paragraph\" style=\"font-size:16px\">Historia Szkaplerza \u015bwi\u0119tego si\u0119ga XII wieku, kiedy to duchowi synowie Proroka Eliasza prowadz\u0105cy \u017cycie kontemplacyjne na G\u00f3rze Karmel, prze\u015bladowani przez Turk\u00f3w, przenie\u015bli si\u0119 do Europy. Ich tryb \u017cycia wzbudza\u0142 podziw i szacunek, cho\u0107 spotykali si\u0119 r\u00f3wnie\u017c z niech\u0119ci\u0105 i uprzedzeniami. Stolica Apostolska upatruj\u0105c w \u201eBraciach Naj\u015bwi\u0119tszej Maryi Panny z G\u00f3ry Karmel\u201d skuteczn\u0105 pomoc w o\u017cywieniu \u017cycia chrze\u015bcija\u0144skiego przez ich \u017cycie, modlitwy i umartwienia, przyj\u0119\u0142a z rado\u015bci\u0105 now\u0105 rodzin\u0119 zakonn\u0105 i u\u0142atwi\u0142a jej zak\u0142adanie nowych klasztor\u00f3w. Dzi\u0119ki poparciu w\u0142adz ko\u015bcielnych zakon Karmelit\u00f3w szybko rozwija\u0142 si\u0119 i promieniowa\u0142 przyk\u0142adnym \u017cyciem. Nale\u017cy odnotowa\u0107 szybki rozw\u00f3j zakonu w Anglii. Zas\u0142u\u017cy\u0142 si\u0119 tam szczeg\u00f3lnie wielki czciciel Maryi, m\u0105\u017c modlitwy i wielkiej \u015bwi\u0105tobliwo\u015bci, Szymon Stock. Kiedy dostrzeg\u0142 niebezpiecze\u0144stwa gro\u017c\u0105ce zakonowi, przypu\u015bci\u0142 \u201eszturm\u201d do nieba, by wyb\u0142aga\u0107 opiek\u0119 i wsparcie Tej, kt\u00f3ra od pocz\u0105tku istnienia zakonu by\u0142a jego niezawodn\u0105 or\u0119downiczk\u0105.<\/p>\n\n\n\n<p class=\"wp-block-paragraph\" style=\"font-size:16px\">Kiedy w nocy z 15 na 16 lipca 1251r. trwa\u0142 na modlitwie, ujrza\u0142 Naj\u015bwi\u0119tsz\u0105 Dziewic\u0119 w otoczeniu Anio\u0142\u00f3w, podaj\u0105c\u0105 mu Szkaplerz br\u0105zowego koloru. Us\u0142ysza\u0142 te s\u0142owa od Maryi:<\/p>\n\n\n\n<p class=\"wp-block-paragraph\" style=\"font-size:16px\"><strong><em>\u201ePrzyjmij, najmilszy Szkaplerz twego zakonu, jako znak mego braterstwa, przywilej dla ciebie i wszystkich Karmelit\u00f3w. Kto w nim umrze, nie zazna ognia piekielnego. Oto znak zbawienia, ratunek w niebezpiecze\u0144stwach, przymierze pokoju i wiecznego zobowi\u0105zania\u201d.<\/em><\/strong><\/p>\n\n\n\n<p class=\"wp-block-paragraph\" style=\"font-size:16px\">\u015awi\u0119ty Szymon Stock z rado\u015bci\u0105 i mi\u0142o\u015bci\u0105 przyj\u0105\u0142 Szkaplerz i jako prze\u0142o\u017cony zakonu poleci\u0142 ca\u0142ej rodzinie zakonnej modli\u0107 si\u0119 o rozszerzenie w \u015bwiecie nabo\u017ce\u0144stwa szkaplerznego.<\/p>\n\n\n\n<p class=\"wp-block-paragraph\" style=\"font-size:16px\">3 marca 1322 roku Naj\u015bwi\u0119tsza Maryja Panna ukaza\u0142a si\u0119 papie\u017cowi Janowi XXII, polecaj\u0105c mu w opiek\u0119 \u201esw\u00f3j zakon\u201d karmelita\u0144ski.<\/p>\n\n\n\n<p class=\"wp-block-paragraph\" style=\"font-size:16px\">Obieca\u0142a obfite \u0142aski i zbawienie nale\u017c\u0105cym do zakonu i wiernie wype\u0142niaj\u0105cym swoje \u015bluby, a tak\u017ce nale\u017c\u0105cym do Bractwa Szkaplerznego, kt\u00f3rzy b\u0119d\u0105 zachowywa\u0107 cnot\u0119 czysto\u015bci wed\u0142ug stanu i b\u0119d\u0105 si\u0119 modli\u0107 za Ko\u015bci\u00f3\u0142 \u015bwi\u0119ty. Na ko\u0144cu obieca\u0142a wszystkim nadzwyczajna \u0142ask\u0119, znan\u0105 pod nazw\u0105 \u201eprzywileju sobotniego\u201d:<\/p>\n\n\n\n<p class=\"wp-block-paragraph\" style=\"font-size:16px\"><strong><em>\u201eJa, ich Matka, w pierwsz\u0105 sobot\u0119 po ich \u015bmierci, wyzwol\u0119 ich z czy\u015b\u0107ca i powiod\u0119 na g\u00f3r\u0119 \u017cywota wiecznego\u201d.<\/em><\/strong><\/p>\n\n\n\n<p class=\"wp-block-paragraph\" style=\"font-size:16px\">Stolica apostolska Szkaplerz uzna\u0142a jako sakramentalium, tzn. znak, kt\u00f3ry nosz\u0105cego usposabia do przyj\u0119cia \u0142aski oraz pog\u0142\u0119bienia \u017cycia \u0142aski w sobie. Sw\u0105 w\u0142adz\u0105 apostolsk\u0105 Ko\u015bci\u00f3\u0142 potwierdzi\u0142 przywileje Szkaplerza, moc jego opieraj\u0105c na modlitwach ca\u0142ego Ko\u015bcio\u0142a. Nabo\u017ce\u0144stwo za\u015b szkaplerzne uzna\u0142, obok R\u00f3\u017ca\u0144ca \u015bwi\u0119tego za podstawowe nabo\u017ce\u0144stwo Maryjne.<\/p>\n\n\n\n<p class=\"wp-block-paragraph\" style=\"font-size:16px\">Kult Matki Bo\u017cej Szkaplerznej i praktyka noszenia Szkaplerza Karmelita\u0144skiego, maj\u0105c tak mocne poparcie Stolicy \u015awi\u0119tej, szybko rozesz\u0142y si\u0119 nie tylko w Europie, lecz i w ca\u0142ym \u015bwiecie.<\/p>\n\n\n\n<p class=\"wp-block-paragraph\" style=\"font-size:16px\">Karmelici rozkrzewiali to nabo\u017ce\u0144stwo z wielkim oddaniem, upatruj\u0105c w nim si\u0142\u0119, mog\u0105c\u0105 o\u017cywi\u0107 wiar\u0119 i uzdrowi\u0107 obyczaje. Wsz\u0119dzie, gdzie powstawa\u0142y klasztory karmelita\u0144skie, kult Matki Bo\u017cej Szkaplerznej promieniowa\u0142 na okolic\u0119. Nieustannie zwi\u0119ksza\u0142a si\u0119 liczba wiernych, przyjmuj\u0105cych Szkaplerz \u015bwi\u0119ty. Wzrasta\u0142a wiara w moc Szkaplerza \u015bwi\u0119tego.<\/p>\n\n\n\n<p class=\"wp-block-paragraph\" style=\"font-size:16px\">Do Polski kult Matki Bo\u017cej Szkaplerznej przynie\u015bli Karmelici pod koniec XIV wieku. O\u017cywienie tego kultu mia\u0142o miejsce wraz z przybyciem do Polski karmelit\u00f3w bosych w 1605 roku. Zaraz w roku nast\u0119pnym kr\u00f3lewicz W\u0142adys\u0142aw IV ze szlacht\u0105 dworu przyj\u0105\u0142 Szkaplerz \u015bwi\u0119ty i od tego czasu bractwo Szkaplerza \u015bwi\u0119tego rozszerza si\u0119 szybko w naszym kraju.<\/p>\n\n\n\n<p class=\"wp-block-paragraph\" style=\"font-size:16px\">W naszych czasach bractwo Szkaplerza istnieje prawie wsz\u0119dzie a cz\u0119sto cudowne zdarzenia potwierdzaj\u0105 jak Naj\u015bwi\u0119tsza Maryja Panna jest wierna swoim obietnicom.<\/p>\n\n\n\n<p class=\"wp-block-paragraph\" style=\"font-size:16px\">Warto wspomnie\u0107, \u017ce Szkaplerz, od dzieci\u0144stwa, nosi\u0142 \u015bw. Jan Pawe\u0142 II, papie\u017c.<\/p>\n","protected":false},"excerpt":{"rendered":"<div class=\"mh-excerpt\"><p>Kr\u00f3tka historia Szkaplerza \u015bwi\u0119tego Historia Szkaplerza \u015bwi\u0119tego si\u0119ga XII wieku, kiedy to duchowi synowie Proroka Eliasza prowadz\u0105cy \u017cycie kontemplacyjne na G\u00f3rze Karmel, prze\u015bladowani przez Turk\u00f3w, <a class=\"mh-excerpt-more\" href=\"https:\/\/parafiabierzwnik.pl\/?page_id=162\" title=\"Szkaplerz: Historia\"><\/a><\/p>\n<\/div>","protected":false},"author":1,"featured_media":0,"parent":0,"menu_order":0,"comment_status":"closed","ping_status":"closed","template":"","meta":{"footnotes":""},"folder":[18],"class_list":["post-162","page","type-page","status-publish","hentry"],"_links":{"self":[{"href":"https:\/\/parafiabierzwnik.pl\/index.php?rest_route=\/wp\/v2\/pages\/162","targetHints":{"allow":["GET"]}}],"collection":[{"href":"https:\/\/parafiabierzwnik.pl\/index.php?rest_route=\/wp\/v2\/pages"}],"about":[{"href":"https:\/\/parafiabierzwnik.pl\/index.php?rest_route=\/wp\/v2\/types\/page"}],"author":[{"embeddable":true,"href":"https:\/\/parafiabierzwnik.pl\/index.php?rest_route=\/wp\/v2\/users\/1"}],"replies":[{"embeddable":true,"href":"https:\/\/parafiabierzwnik.pl\/index.php?rest_route=%2Fwp%2Fv2%2Fcomments&post=162"}],"version-history":[{"count":10,"href":"https:\/\/parafiabierzwnik.pl\/index.php?rest_route=\/wp\/v2\/pages\/162\/revisions"}],"predecessor-version":[{"id":3681,"href":"https:\/\/parafiabierzwnik.pl\/index.php?rest_route=\/wp\/v2\/pages\/162\/revisions\/3681"}],"wp:attachment":[{"href":"https:\/\/parafiabierzwnik.pl\/index.php?rest_route=%2Fwp%2Fv2%2Fmedia&parent=162"}],"wp:term":[{"taxonomy":"folder","embeddable":true,"href":"https:\/\/parafiabierzwnik.pl\/index.php?rest_route=%2Fwp%2Fv2%2Ffolder&post=162"}],"curies":[{"name":"wp","href":"https:\/\/api.w.org\/{rel}","templated":true}]}}